{"id":19325,"date":"2018-10-19T13:27:59","date_gmt":"2018-10-19T11:27:59","guid":{"rendered":"https:\/\/www.robisa.es\/?post_type=ajde_events&#038;p=19325"},"modified":"2018-10-23T11:17:00","modified_gmt":"2018-10-23T09:17:00","slug":"hasselblad-workshop-octubre","status":"publish","type":"ajde_events","link":"https:\/\/www.robisa.es\/pt\/events\/hasselblad-workshop-octubre\/","title":{"rendered":"HASSELBLAD WORKSHOP FOTOGRAF\u00cdA DE MODA Y RETRATO"},"content":{"rendered":"<p>Primer encuentro de fot\u00f3grafos profesionales con c\u00e1maras sin espejo &#8220;Mirrorless PRO&#8221;<\/p>\n<p>El evento tendr\u00e1 lugar en Madrid con un horario de 10h a 19h en el estudio Master Pro Studio.<\/p>\n<p>El orden del d\u00eda ser\u00e1 el siguiente:<span class=\"text_exposed_show\"><br \/>\n10h a 11h &#8211; Acreditaci\u00f3n y Desayuno<br \/>\n11h a 12h &#8211; Charla &#8220;Fotograf\u00eda Social con Mirrorless&#8221;<br \/>\n(<a href=\"https:\/\/l.facebook.com\/l.php?u=http%3A%2F%2Fwww.ADFFotografia.com%2F%3Ffbclid%3DIwAR15oibQOxq6vWk7ooNG1KmsDn7MoHtPXSLmtTFpygbiboUg1t7qnz7Eyqw&amp;h=AT2LciNgLNwgW3qEs9PeCWe-2npz24XY4UgEHD2OiK-BBehk_XgflMn16wZV8KRfkhSdThh1CyndQkOsOjQ-rDJR6CO0TkwcVPHfMYhU60OxlMoRbWayqxoY-n4cWi6bkoJtqgB65axQ8AjuD88Fts0FBaA-biG-yTDwUArb8VcdjaoIOFBT4Lml9IiJYgjAsw2EUp5qWi6AR0FXXsDJwhmlx1hmk7Drw_2MNJSS-W2V6s6rTV6Z-0KIJOBwUl7Nom2G-3_VpPFFiI743yZKLIeVBtZ2aAkkShu7ZRq0SDuo_WCSuTrw4aoh1jWGAB9kF8nZAYTAXXtN9Qozb12ZZ__m3h3d7P55m5F82JbO-TEpmcHlFYp4X9tlkyh4Pt8MWmoyQQgAenoFQqY76BvMniuWJWwJI40usGuFIgMdCsByqAPYjzHm0Ps\" target=\"_blank\" rel=\"noopener nofollow\" data-ft=\"{&quot;tn&quot;:&quot;-U&quot;}\" data-lynx-mode=\"async\">www.ADFFotografia.com<\/a>\u00a0\/\u00a0<a href=\"https:\/\/l.facebook.com\/l.php?u=http%3A%2F%2Fwww.FotoInstantes.es%2F%3Ffbclid%3DIwAR2BlEM2aUN5m-1kj1uFYZR_bHjNEhyLSWQUyxCBytF1uxP0TuSEFVCdGiI&amp;h=AT1ZC4ulDEd5SuJBc5RMVZEy61iFQZOK-8n3Uu3qSwL3sACeq_e14y_ksSOXpedj3G9qTKjPINhIbnTgy_JuG_ZUWuTFDIdrGSnNw1_KqmOnRxY8tlnyEXJpfV096hPxFyP1v6AjyjmvS4YjulX_U1RHY8Uxdk7hsZQBJ6laybqFPpT-Z4AqLydLyG_cHs6vWeoYZjbNPnHhyJEHHZNZMh13EUvdLJaeRbf5XqMbPYABPdbxcMpiIQ3jSFBemFrgUuP3HBxNp3uL-ByTqUsEERIsPP_rVIs9KU8Rv9adu9PftKjF2hQ3T1ORY-zD1a4BtR5tzw_cmCVIZfm10unPlVtOjBFp--3MJkz1QXPAk1FGSts4eA0auJgSuoatsfc51rBZ-KyplJa0r4Hp0uLh7A_Wtv0ogX-X0HatJbFj2gmqCAn1-2jTjXM\" target=\"_blank\" rel=\"noopener nofollow\" data-ft=\"{&quot;tn&quot;:&quot;-U&quot;}\" data-lynx-mode=\"async\">www.FotoInstantes.es<\/a>)<br \/>\n12h a 14h &#8211; Taller Fotograf\u00eda de producto (<a class=\"profileLink\" href=\"https:\/\/www.facebook.com\/pablogilagero?__tn__=K-R&amp;eid=ARClCZJPePrxWRekjhq_7ei14ue8IKFGhKZJswmKxKcQ3-uXfMfpQvPn_vMhAL5eIAO-kcuH-ZehSISo&amp;fref=mentions&amp;__xts__%5B0%5D=68.ARDGI8QK8AWw6ykNvAQCZvSEyglIam7bIB5-aLKk00cFM6C3VK8CitxBCuiINuyeOTZwccqrVmNVTCGggqfD0nfKqbkkaW4nfspFJ5u-Vhy5fLQWvjWQ_0u2ALN6osY6rCEK-FgNupzVbwv8HFVQh7_zMRWaFsZ5eTMZBpAXSwoGCPDKvHG4QjGw5VKxoXDwOwJ933I3\" data-hovercard=\"\/ajax\/hovercard\/user.php?id=1121134251&amp;extragetparams=%7B%22__tn__%22%3A%22%2CdK-R-R%22%2C%22eid%22%3A%22ARClCZJPePrxWRekjhq_7ei14ue8IKFGhKZJswmKxKcQ3-uXfMfpQvPn_vMhAL5eIAO-kcuH-ZehSISo%22%2C%22fref%22%3A%22mentions%22%2C%22directed_target_id%22%3A711217792572012%7D\" data-hovercard-prefer-more-content-show=\"1\">Pablo Gil<\/a>)<br \/>\n14h a 15:30h &#8211; Break \/ Comida \/ Picoteo<br \/>\n16h a 18h &#8211; Taller Fotograf\u00eda Moda \/ Retrato (<a class=\"profileLink\" href=\"https:\/\/www.facebook.com\/luis.malibran?__tn__=K-R&amp;eid=ARAooVR8NCn24ANQveaV2K1LEoJqX4SlhLS3ejeuRlyc7QO2eG27W9r5wzZfpCVOZieANgMFj0Y_GsFI&amp;fref=mentions&amp;__xts__%5B0%5D=68.ARDGI8QK8AWw6ykNvAQCZvSEyglIam7bIB5-aLKk00cFM6C3VK8CitxBCuiINuyeOTZwccqrVmNVTCGggqfD0nfKqbkkaW4nfspFJ5u-Vhy5fLQWvjWQ_0u2ALN6osY6rCEK-FgNupzVbwv8HFVQh7_zMRWaFsZ5eTMZBpAXSwoGCPDKvHG4QjGw5VKxoXDwOwJ933I3\" data-hovercard=\"\/ajax\/hovercard\/user.php?id=775110577&amp;extragetparams=%7B%22__tn__%22%3A%22%2CdK-R-R%22%2C%22eid%22%3A%22ARAooVR8NCn24ANQveaV2K1LEoJqX4SlhLS3ejeuRlyc7QO2eG27W9r5wzZfpCVOZieANgMFj0Y_GsFI%22%2C%22fref%22%3A%22mentions%22%2C%22directed_target_id%22%3A711217792572012%7D\" data-hovercard-prefer-more-content-show=\"1\">Luis Malibran<\/a>)<br \/>\n18h a 19h &#8211; Mesa redonda \/ debate (Pte. confirmar)<br \/>\n19h Despedida y clausura.<br \/>\n&#8212;&#8212;&#8212;-<br \/>\nLuis Malibran:\u00a0<a href=\"https:\/\/l.facebook.com\/l.php?u=http%3A%2F%2Fwww.luismalibran.com%2Fportfolio%2Fmoda%2F%3Ffbclid%3DIwAR0yAfkwHt2AhA9pCgA_cAKILyQAM0euCqNLs1SV42IqfM4tHwQgDsC3vVI&amp;h=AT1snKcEEeGV69SuNq6T4q3MtKvwNKLp-twzzU3X1FNTOWlDfxzoC5i8p5MFaG4WrRBcad_uC1MpNf_wE6FqlN78pM9sPYWTc9h1Qu4OMgMJMqpk0dy9GCGHZlLjvloo_jq-e1B-C5iFIi1ZWFaXzt3SHMjFivuoLbOVnqb1V1jlDNyk8INth-J3KPv-uN9aTALUOlRvF_S3-xl4apad7AKNk_RBBgTu_6u_3fwfxAfwEQ4AnMSkGtdVjwYo2PVDHJgSiwfBTL0VTVKKHyP5rt24X03cRX-NCgdbSBJGntlh92P6IawMZlh2CKase5ss0_mBXyBluU-9IxaRhxL-C08gUkevm40N3czLoKfEhSkfXWIwMv3E3Cs3Gx27ry4JYTjnHYsvHHNn-WlVaiCgUZtpsf32b-yxS1SFvNFUfd863toizE3wSSo\" target=\"_blank\" rel=\"noopener nofollow\" data-ft=\"{&quot;tn&quot;:&quot;-U&quot;}\" data-lynx-mode=\"async\">http:\/\/www.luismalibran.com\/portfolio\/moda\/<\/a><br \/>\nPablo Gil:\u00a0<a href=\"https:\/\/l.facebook.com\/l.php?u=https%3A%2F%2Fwww.instagram.com%2Fpablogilfoto%2F%3Ffbclid%3DIwAR0ibua1ekh9wsG0tXm0JwAqcycILoRi_qKSa6QLOoj1uqI_0vQxPmfZPRg&amp;h=AT3xrrnQVtCdMJ1ZUUKPICzqi2U9qLSpqwyZ3PMhVohihMqusyp8CNC2G4NN9R-4a3cfL0F26XjKTLK0FTS1w05ZhQPafNFSmD3aFz8YWGsPZcTwG34qF-NdmPz0Keqx-mkt0cOndpLMjOYGhi7y17Ts1Nm5_KZRQeAoBW-H5OaQwvYvNjpDIAh6KZB0GwqnVRJR67rYOu9W_REwdN2L29TAp51qlxSW-Olh7RZF1av-l6CQBR93D7fP2I482fQpDZPHFliROBE0WGohtVG3kJmsQ6HMN_SeylfDBv9CTrcJQwgbH7AHZuuRxYPOmfKEMWrGUadHsYgUvsppnVKhBAVAfcxvgIY3PUX5Wxb07_31byKQ9QFC_R0mm8caW0lS6ovFEuwmta5HHeXkznLAYL2cTiJ2GGHUkHzICziHcgE1vnLBlIW85kc\" target=\"_blank\" rel=\"noopener nofollow\" data-ft=\"{&quot;tn&quot;:&quot;-U&quot;}\" data-lynx-mode=\"async\">https:\/\/www.instagram.com\/pablogilfoto\/<\/a><br \/>\n&#8212;&#8212;&#8212;-<br \/>\nPodremos ver en acci\u00f3n diferentes accesorios y herramientas para v\u00eddeo as\u00ed como estabilizadores de <a href=\"https:\/\/www.robisa.es\/moza\/\">Moza<\/a>, drones\u00a0 de <a href=\"https:\/\/www.robisa.es\/dji\/\">DJI<\/a> y otros juguetes de la mano de nuestros compa\u00f1eros.<\/span><\/p>\n<div class=\"text_exposed_show\">\n<p>Durante la ma\u00f1ana podremos revisar nuestros sensores de c\u00e1mara gracias al SAT oficial\u00a0<a class=\"_58cn\" href=\"https:\/\/www.facebook.com\/hashtag\/playmon?source=feed_text&amp;__xts__%5B0%5D=68.ARDGI8QK8AWw6ykNvAQCZvSEyglIam7bIB5-aLKk00cFM6C3VK8CitxBCuiINuyeOTZwccqrVmNVTCGggqfD0nfKqbkkaW4nfspFJ5u-Vhy5fLQWvjWQ_0u2ALN6osY6rCEK-FgNupzVbwv8HFVQh7_zMRWaFsZ5eTMZBpAXSwoGCPDKvHG4QjGw5VKxoXDwOwJ933I3&amp;__tn__=%2ANK-R\" data-ft=\"{&quot;type&quot;:104,&quot;tn&quot;:&quot;*N&quot;}\"><span class=\"_5afx\"><span class=\"_58cl _5afz\" aria-label=\"hashtag\">#<\/span><span class=\"_58cm\">Playmon<\/span><\/span><\/a>.<br \/>\n(Se limpiar\u00e1n todas las marcas)<\/p>\n<p>CUOTA DE INSCRIPCI\u00d3N Testimonial &#8211; 15\u20ac<br \/>\nPincha en <a href=\"http:\/\/www.kamandula.es\/talleres-foto\/inscripcion-talleres\/?fbclid=IwAR3wZo_dKtRCqvIKmJ6ggBZU4abJxXVe84tn97QAZVhGagEi4MsOprFelRo\">Entradas<\/a> y rellena el formulario para completar tu inscripci\u00f3n, te daremos las instrucciones de abono.<\/p>\n<\/div>\n","protected":false},"author":8,"featured_media":0,"menu_order":0,"comment_status":"open","ping_status":"closed","template":"","meta":[],"tags":[],"event_type":[],"event_type_2":[],"class_list":["post-19325","ajde_events","type-ajde_events","status-publish","hentry"],"yoast_head":"<!-- This site is optimized with the Yoast SEO plugin v27.5 - https:\/\/yoast.com\/product\/yoast-seo-wordpress\/ -->\n<title>HASSELBLAD WORKSHOP DE MODA Y RETRATO<\/title>\n<meta name=\"description\" content=\"Hasselblad workshop de moda y retrato con el fot\u00f3grafo profesional Luis Malibr\u00e1n, en el cual usar\u00e1 la Hasselblad X1D en directo.\" \/>\n<meta name=\"robots\" content=\"noindex, follow\" \/>\n<meta property=\"og:locale\" content=\"pt_PT\" \/>\n<meta property=\"og:type\" content=\"article\" \/>\n<meta property=\"og:title\" content=\"HASSELBLAD WORKSHOP DE MODA Y RETRATO\" \/>\n<meta property=\"og:description\" content=\"Hasselblad workshop de moda y retrato con el fot\u00f3grafo profesional Luis Malibr\u00e1n, en el cual usar\u00e1 la Hasselblad X1D en directo.\" \/>\n<meta property=\"og:url\" content=\"https:\/\/www.robisa.es\/pt\/events\/hasselblad-workshop-octubre\/\" \/>\n<meta property=\"og:site_name\" content=\"ROBISA\" \/>\n<meta property=\"article:publisher\" content=\"http:\/\/www.facebook.com\/pages\/ROBISA\/236622023060912\" \/>\n<meta property=\"article:modified_time\" content=\"2018-10-23T09:17:00+00:00\" \/>\n<meta property=\"og:image\" content=\"https:\/\/www.robisa.es\/wp-content\/uploads\/2018\/10\/26.10_Workshop-Malibran-Hasselblad-2.jpg\" \/>\n\t<meta property=\"og:image:width\" content=\"990\" \/>\n\t<meta property=\"og:image:height\" content=\"1400\" \/>\n\t<meta property=\"og:image:type\" content=\"image\/jpeg\" \/>\n<meta name=\"twitter:card\" content=\"summary_large_image\" \/>\n<meta name=\"twitter:site\" content=\"@ROBISA\" \/>\n<meta name=\"twitter:label1\" content=\"Est. reading time\" \/>\n\t<meta name=\"twitter:data1\" content=\"1 minute\" \/>\n<script type=\"application\/ld+json\" class=\"yoast-schema-graph\">{\"@context\":\"https:\\\/\\\/schema.org\",\"@graph\":[{\"@type\":\"WebPage\",\"@id\":\"https:\\\/\\\/www.robisa.es\\\/pt\\\/events\\\/hasselblad-workshop-octubre\\\/\",\"url\":\"https:\\\/\\\/www.robisa.es\\\/pt\\\/events\\\/hasselblad-workshop-octubre\\\/\",\"name\":\"HASSELBLAD WORKSHOP DE MODA Y RETRATO\",\"isPartOf\":{\"@id\":\"https:\\\/\\\/www.robisa.es\\\/pt\\\/#website\"},\"datePublished\":\"2018-10-19T11:27:59+00:00\",\"dateModified\":\"2018-10-23T09:17:00+00:00\",\"description\":\"Hasselblad workshop de moda y retrato con el fot\u00f3grafo profesional Luis Malibr\u00e1n, en el cual usar\u00e1 la Hasselblad X1D en directo.\",\"breadcrumb\":{\"@id\":\"https:\\\/\\\/www.robisa.es\\\/pt\\\/events\\\/hasselblad-workshop-octubre\\\/#breadcrumb\"},\"inLanguage\":\"pt\",\"potentialAction\":[{\"@type\":\"ReadAction\",\"target\":[\"https:\\\/\\\/www.robisa.es\\\/pt\\\/events\\\/hasselblad-workshop-octubre\\\/\"]}]},{\"@type\":\"BreadcrumbList\",\"@id\":\"https:\\\/\\\/www.robisa.es\\\/pt\\\/events\\\/hasselblad-workshop-octubre\\\/#breadcrumb\",\"itemListElement\":[{\"@type\":\"ListItem\",\"position\":1,\"name\":\"Portada\",\"item\":\"https:\\\/\\\/www.robisa.es\\\/pt\\\/home\\\/\"},{\"@type\":\"ListItem\",\"position\":2,\"name\":\"Events\",\"item\":\"https:\\\/\\\/www.robisa.es\\\/pt\\\/events\\\/\"},{\"@type\":\"ListItem\",\"position\":3,\"name\":\"HASSELBLAD WORKSHOP FOTOGRAF\u00cdA DE MODA Y RETRATO\"}]},{\"@type\":\"WebSite\",\"@id\":\"https:\\\/\\\/www.robisa.es\\\/pt\\\/#website\",\"url\":\"https:\\\/\\\/www.robisa.es\\\/pt\\\/\",\"name\":\"ROBISA\",\"description\":\"Los mejores productos de fotograf\u00eda para profesionales y particulares con total garant\u00eda\",\"publisher\":{\"@id\":\"https:\\\/\\\/www.robisa.es\\\/pt\\\/#organization\"},\"potentialAction\":[{\"@type\":\"SearchAction\",\"target\":{\"@type\":\"EntryPoint\",\"urlTemplate\":\"https:\\\/\\\/www.robisa.es\\\/pt\\\/?s={search_term_string}\"},\"query-input\":{\"@type\":\"PropertyValueSpecification\",\"valueRequired\":true,\"valueName\":\"search_term_string\"}}],\"inLanguage\":\"pt\"},{\"@type\":\"Organization\",\"@id\":\"https:\\\/\\\/www.robisa.es\\\/pt\\\/#organization\",\"name\":\"Robisa\",\"url\":\"https:\\\/\\\/www.robisa.es\\\/pt\\\/\",\"logo\":{\"@type\":\"ImageObject\",\"inLanguage\":\"pt\",\"@id\":\"https:\\\/\\\/www.robisa.es\\\/pt\\\/#\\\/schema\\\/logo\\\/image\\\/\",\"url\":\"https:\\\/\\\/www.robisa.es\\\/wp-content\\\/uploads\\\/2016\\\/01\\\/robisa-rgb_negro-NEW-02.png\",\"contentUrl\":\"https:\\\/\\\/www.robisa.es\\\/wp-content\\\/uploads\\\/2016\\\/01\\\/robisa-rgb_negro-NEW-02.png\",\"width\":675,\"height\":298,\"caption\":\"Robisa\"},\"image\":{\"@id\":\"https:\\\/\\\/www.robisa.es\\\/pt\\\/#\\\/schema\\\/logo\\\/image\\\/\"},\"sameAs\":[\"http:\\\/\\\/www.facebook.com\\\/pages\\\/ROBISA\\\/236622023060912\",\"https:\\\/\\\/x.com\\\/ROBISA\",\"https:\\\/\\\/www.instagram.com\\\/robisa.es\\\/\",\"https:\\\/\\\/www.linkedin.com\\\/company\\\/rodolfo-biber-s-a-robisa-\",\"http:\\\/\\\/www.youtube.com\\\/user\\\/robisavideos\"]}]}<\/script>\n<!-- \/ Yoast SEO plugin. -->","yoast_head_json":{"title":"HASSELBLAD WORKSHOP DE MODA Y RETRATO","description":"Hasselblad workshop de moda y retrato con el fot\u00f3grafo profesional Luis Malibr\u00e1n, en el cual usar\u00e1 la Hasselblad X1D en directo.","robots":{"index":"noindex","follow":"follow"},"og_locale":"pt_PT","og_type":"article","og_title":"HASSELBLAD WORKSHOP DE MODA Y RETRATO","og_description":"Hasselblad workshop de moda y retrato con el fot\u00f3grafo profesional Luis Malibr\u00e1n, en el cual usar\u00e1 la Hasselblad X1D en directo.","og_url":"https:\/\/www.robisa.es\/pt\/events\/hasselblad-workshop-octubre\/","og_site_name":"ROBISA","article_publisher":"http:\/\/www.facebook.com\/pages\/ROBISA\/236622023060912","article_modified_time":"2018-10-23T09:17:00+00:00","og_image":[{"width":990,"height":1400,"url":"https:\/\/www.robisa.es\/wp-content\/uploads\/2018\/10\/26.10_Workshop-Malibran-Hasselblad-2.jpg","type":"image\/jpeg"}],"twitter_card":"summary_large_image","twitter_site":"@ROBISA","twitter_misc":{"Est. reading time":"1 minute"},"schema":{"@context":"https:\/\/schema.org","@graph":[{"@type":"WebPage","@id":"https:\/\/www.robisa.es\/pt\/events\/hasselblad-workshop-octubre\/","url":"https:\/\/www.robisa.es\/pt\/events\/hasselblad-workshop-octubre\/","name":"HASSELBLAD WORKSHOP DE MODA Y RETRATO","isPartOf":{"@id":"https:\/\/www.robisa.es\/pt\/#website"},"datePublished":"2018-10-19T11:27:59+00:00","dateModified":"2018-10-23T09:17:00+00:00","description":"Hasselblad workshop de moda y retrato con el fot\u00f3grafo profesional Luis Malibr\u00e1n, en el cual usar\u00e1 la Hasselblad X1D en directo.","breadcrumb":{"@id":"https:\/\/www.robisa.es\/pt\/events\/hasselblad-workshop-octubre\/#breadcrumb"},"inLanguage":"pt","potentialAction":[{"@type":"ReadAction","target":["https:\/\/www.robisa.es\/pt\/events\/hasselblad-workshop-octubre\/"]}]},{"@type":"BreadcrumbList","@id":"https:\/\/www.robisa.es\/pt\/events\/hasselblad-workshop-octubre\/#breadcrumb","itemListElement":[{"@type":"ListItem","position":1,"name":"Portada","item":"https:\/\/www.robisa.es\/pt\/home\/"},{"@type":"ListItem","position":2,"name":"Events","item":"https:\/\/www.robisa.es\/pt\/events\/"},{"@type":"ListItem","position":3,"name":"HASSELBLAD WORKSHOP FOTOGRAF\u00cdA DE MODA Y RETRATO"}]},{"@type":"WebSite","@id":"https:\/\/www.robisa.es\/pt\/#website","url":"https:\/\/www.robisa.es\/pt\/","name":"ROBISA","description":"Los mejores productos de fotograf\u00eda para profesionales y particulares con total garant\u00eda","publisher":{"@id":"https:\/\/www.robisa.es\/pt\/#organization"},"potentialAction":[{"@type":"SearchAction","target":{"@type":"EntryPoint","urlTemplate":"https:\/\/www.robisa.es\/pt\/?s={search_term_string}"},"query-input":{"@type":"PropertyValueSpecification","valueRequired":true,"valueName":"search_term_string"}}],"inLanguage":"pt"},{"@type":"Organization","@id":"https:\/\/www.robisa.es\/pt\/#organization","name":"Robisa","url":"https:\/\/www.robisa.es\/pt\/","logo":{"@type":"ImageObject","inLanguage":"pt","@id":"https:\/\/www.robisa.es\/pt\/#\/schema\/logo\/image\/","url":"https:\/\/www.robisa.es\/wp-content\/uploads\/2016\/01\/robisa-rgb_negro-NEW-02.png","contentUrl":"https:\/\/www.robisa.es\/wp-content\/uploads\/2016\/01\/robisa-rgb_negro-NEW-02.png","width":675,"height":298,"caption":"Robisa"},"image":{"@id":"https:\/\/www.robisa.es\/pt\/#\/schema\/logo\/image\/"},"sameAs":["http:\/\/www.facebook.com\/pages\/ROBISA\/236622023060912","https:\/\/x.com\/ROBISA","https:\/\/www.instagram.com\/robisa.es\/","https:\/\/www.linkedin.com\/company\/rodolfo-biber-s-a-robisa-","http:\/\/www.youtube.com\/user\/robisavideos"]}]}},"_links":{"self":[{"href":"https:\/\/www.robisa.es\/pt\/wp-json\/wp\/v2\/ajde_events\/19325","targetHints":{"allow":["GET"]}}],"collection":[{"href":"https:\/\/www.robisa.es\/pt\/wp-json\/wp\/v2\/ajde_events"}],"about":[{"href":"https:\/\/www.robisa.es\/pt\/wp-json\/wp\/v2\/types\/ajde_events"}],"author":[{"embeddable":true,"href":"https:\/\/www.robisa.es\/pt\/wp-json\/wp\/v2\/users\/8"}],"replies":[{"embeddable":true,"href":"https:\/\/www.robisa.es\/pt\/wp-json\/wp\/v2\/comments?post=19325"}],"wp:attachment":[{"href":"https:\/\/www.robisa.es\/pt\/wp-json\/wp\/v2\/media?parent=19325"}],"wp:term":[{"taxonomy":"post_tag","embeddable":true,"href":"https:\/\/www.robisa.es\/pt\/wp-json\/wp\/v2\/tags?post=19325"},{"taxonomy":"event_type","embeddable":true,"href":"https:\/\/www.robisa.es\/pt\/wp-json\/wp\/v2\/event_type?post=19325"},{"taxonomy":"event_type_2","embeddable":true,"href":"https:\/\/www.robisa.es\/pt\/wp-json\/wp\/v2\/event_type_2?post=19325"}],"curies":[{"name":"wp","href":"https:\/\/api.w.org\/{rel}","templated":true}]}}