{"id":20135,"date":"2018-11-23T15:08:20","date_gmt":"2018-11-23T14:08:20","guid":{"rendered":"https:\/\/www.robisa.es\/?post_type=ajde_events&#038;p=20135"},"modified":"2019-01-14T13:01:13","modified_gmt":"2019-01-14T12:01:13","slug":"taller-fotografico-en-el-parque-nacional-de-donana","status":"publish","type":"ajde_events","link":"https:\/\/www.robisa.es\/pt\/events\/taller-fotografico-en-el-parque-nacional-de-donana\/","title":{"rendered":"TALLER FOTOGR\u00c1FICO EN EL PARQUE NACIONAL DE DO\u00d1ANA"},"content":{"rendered":"<p><strong>Del 29 de noviembre al 2 de diciembre\u00a0 \u00a0<\/strong><\/p>\n<p>El Parque Nacional de Do\u00f1ana, es uno de los espacios naturales m\u00e1s espectaculares de Europa, dunas de arenas, marisma, acantilados, playas v\u00edrgenes, bosques de pinos, alcornocales, y fauna por doquier, convierten a Do\u00f1ana en un lugar ideal para la fotograf\u00eda de naturaleza. Si a todo esto le a\u00f1adimos la profesionalidad de\u00a0<strong>DO\u00d1ANA NATURE<\/strong>, el encanto de la aldea de\u00a0<strong>El Roc\u00edo<\/strong>\u00a0y la posibilidad de fotografiar a cientos de aves a pocos metros de nosotros en la reserva ornitol\u00f3gica de la\u00a0<strong>CA\u00d1ADA DE LOS PAJAROS<\/strong>; estamos seguros de que este taller os va a encantar.<\/p>\n<p>Para ello hemos preparado estas actividades<\/p>\n<p><strong>JUEVES 29 DE NOVIEMBRE<\/strong><\/p>\n<p>(opcional) Llegada a C\u00d3RDOBA a las 20 horas, establecimiento en el hotel y salida a cenar y a hacer fotograf\u00eda nocturna por los alrededores de la Mezquita.<\/p>\n<p><strong>VIERNES 30 DE NOVIEMBRE<\/strong><\/p>\n<p>Los asistentes al taller tendremos una primera reuni\u00f3n de grupo a las 12.00 en el Restaurante La Guindilla, donde nos presentaremos y todos juntos nos dirigiremos a nuestro lugar de hospedaje una t\u00edpica casa rociera, para uso exclusivo de nuestro grupo. las habitaciones son dobles, con cuarto de ba\u00f1o independiente en cada habitaci\u00f3n y el precio es el mismo para uso doble o individual<\/p>\n<p>Tras la comida en alguno de los restaurantes de la aldea del Roc\u00edo, nos dirigiremos a la zona de dunas y playa de Matalasca\u00f1as, para fotografiar los paisajes de la zona y la magn\u00edfica puesta de sol tras el horizonte del oc\u00e9ano Atl\u00e1ntico.<\/p>\n<p>Cenaremos y haremos fotograf\u00eda nocturna a la ermita del Roc\u00edo pues su iluminaci\u00f3n nos dar\u00e1 mucho juego fotogr\u00e1fico.<\/p>\n<p><strong>S\u00c1BADO 1 DE DICIEMBRE<\/strong><\/p>\n<p>D\u00eda completo de excursi\u00f3n con los gu\u00edas profesionales de\u00a0<strong>DO\u00d1ANA NATURE,\u00a0<\/strong>quienes nos recoger\u00e1n a primera hora de la ma\u00f1ana, todav\u00eda de noche, para desplazarnos en sus veh\u00edculos a la finca privada\u00a0<strong>COTO DEL REY<\/strong>. La experiencia de esta empresa har\u00e1 que cuando el sol comience a salir por el horizonte entre los alcornoques estemos ya listos con nuestros equipos fotogr\u00e1ficos para captar este momento \u00fanico.<\/p>\n<p>Tras esta experiencia, nos espera un desayuno en medio de este paisaje espectacular lleno de luz y color. Y as\u00ed tras coger fuerzas iremos de safari recorriendo la finca en busca de sus paisajes, flora y fauna: Ciervos, Gamos, Rapaces, Rabilargos, Pajarillos, Vaca marisme\u00f1a y con un poco de suerte Lince ib\u00e9rico.<\/p>\n<p>Comeremos en la finca, una comida t\u00edpica rociera que nos har\u00e1 conocer los manjares de la zona.<\/p>\n<p>Tras la comida continuamos nuestra ruta fotogr\u00e1fica y los gu\u00edas nos llevar\u00e1n a las marismas a capturar fotograf\u00edas de las aves que all\u00ed viven y la espectacular puesta de sol.<\/p>\n<p>CENA<\/p>\n<p><strong>DOMINGO 2 DE DICIEMBRE<\/strong><\/p>\n<p>Tras el desayuno, nos dirigiremos a la reserva ornitol\u00f3gica de la\u00a0<strong>CA\u00d1ADA DE LOS P\u00c1JAROS,\u00a0<\/strong>donde podremos fotografiar con total libertad cientos de aves de decenas de especies: Cig\u00fce\u00f1as blanca y negra, Grullas, Focha cornuda, Garcilla bueyera, Garceta com\u00fan, \u00c1nade rabudo, \u00c1nade azul\u00f3n, Malvas\u00eda, Cerceta pardilla, Porr\u00f3n com\u00fan y pardo, Martinete, Garza imperial y real, Esp\u00e1tula, Alcarav\u00e1n, Morito, Ibis eremita, y un largo etc\u00e9tera nos dejar\u00e1n fotografiarlas a pocos metros de nosotros.<\/p>\n<p>Podremos comer en la misma reserva ornitol\u00f3gica por si queremos seguir fotografiando m\u00e1s aves o ya volver a nuestras ciudades de origen<\/p>\n<p><strong>PRECIO<\/strong><\/p>\n<p><strong>350 \u20ac con un m\u00ednimo de 10 personas<\/strong><\/p>\n<p><strong>330\u20ac de 11 a 14 personas<\/strong><\/p>\n<p><strong>FECHA M\u00c1XIMA DE INCRIPCI\u00d3N EL 19 DE NOVIEMBRE<\/strong><\/p>\n<p><strong>EL PRECIO INCLUYE<\/strong><\/p>\n<p>*2 NOCHES EN UNA CASA EN LA ALDEA DEL ROC\u00cdO. HABITCI\u00d3N DOBLE CON BA\u00d1O PRIVADO, QUE PUEDE SER USADA INDIVIDUALMENTE POR EL MISMO PRECIO<\/p>\n<p>*EXCURSION DE JORNADA COMPLETA EN LA FINCA PRIVADA COTO DEL REY<\/p>\n<p>*DESAYUNO CAMPERO SABADO<\/p>\n<p>*ALMUERZO ROCIERO DEL SABADO<\/p>\n<p>*ACTIVIDAD MEDIO DIA EN LA RESERVA ORNITOLOGICA CA\u00d1ADA DE LOS PAJAROS<\/p>\n<p><strong>EL PRECIO NO INCLUYE<\/strong><\/p>\n<p><strong>*<\/strong>TRASLADOS CIUDAD DE ORIGEN-TALLER-CIUDAD DE ORIGEN<\/p>\n<p>*NOCHE EN CORDOBA, PODEMOS GESTIONAR EL HOTEL SOBRE 60\u20ac LA HABITACI\u00d3N DOBLE<\/p>\n<p>*COMIDAS Y CENAS NO ESPECIFICADAS<\/p>\n<p>*<strong>el motivo de no incluir la habitaci\u00f3n de C\u00f3rdoba y las comidas es para facilitar a los asistentes otras posibilidades m\u00e1s personales para cada uno.<\/strong><\/p>\n<p><strong>Este taller se hace en colaboraci\u00f3n con la empresa fotogr\u00e1fica RODOLFO BIBER SA (ROBISA), distribuidores en Espa\u00f1a de TAMRON, SAMYANG, HASSELBLAD, LUMECUBE, ETC; quienes nos acompa\u00f1ar\u00e1n con sus equipos y \u00f3pticas para nuestro uso.<\/strong><\/p>\n","protected":false},"author":8,"featured_media":0,"menu_order":0,"comment_status":"open","ping_status":"closed","template":"","meta":[],"tags":[],"event_type":[],"event_type_2":[],"class_list":["post-20135","ajde_events","type-ajde_events","status-publish","hentry"],"yoast_head":"<!-- This site is optimized with the Yoast SEO plugin v27.4 - https:\/\/yoast.com\/product\/yoast-seo-wordpress\/ -->\n<title>TALLER FOTOGR\u00c1FICO EN EL PARQUE NACIONAL DE DO\u00d1ANA - ROBISA<\/title>\n<meta name=\"robots\" content=\"noindex, follow\" \/>\n<meta property=\"og:locale\" content=\"pt_PT\" \/>\n<meta property=\"og:type\" content=\"article\" \/>\n<meta property=\"og:title\" content=\"TALLER FOTOGR\u00c1FICO EN EL PARQUE NACIONAL DE DO\u00d1ANA - ROBISA\" \/>\n<meta property=\"og:description\" content=\"Del 29 de noviembre al 2 de diciembre\u00a0 \u00a0 El Parque Nacional de Do\u00f1ana, es uno de los espacios naturales m\u00e1s espectaculares de Europa, dunas de arenas, marisma, acantilados, playas v\u00edrgenes, bosques de pinos, alcornocales, y fauna por doquier, convierten a Do\u00f1ana en un lugar ideal para la fotograf\u00eda de naturaleza. Si a todo esto [&hellip;]\" \/>\n<meta property=\"og:url\" content=\"https:\/\/www.robisa.es\/pt\/events\/taller-fotografico-en-el-parque-nacional-de-donana\/\" \/>\n<meta property=\"og:site_name\" content=\"ROBISA\" \/>\n<meta property=\"article:publisher\" content=\"http:\/\/www.facebook.com\/pages\/ROBISA\/236622023060912\" \/>\n<meta property=\"article:modified_time\" content=\"2019-01-14T12:01:13+00:00\" \/>\n<meta property=\"og:image\" content=\"https:\/\/www.robisa.es\/wp-content\/uploads\/2018\/11\/2018.11_Taller-Do\u00f1ana.jpg\" \/>\n\t<meta property=\"og:image:width\" content=\"1024\" \/>\n\t<meta property=\"og:image:height\" content=\"688\" \/>\n\t<meta property=\"og:image:type\" content=\"image\/jpeg\" \/>\n<meta name=\"twitter:card\" content=\"summary_large_image\" \/>\n<meta name=\"twitter:site\" content=\"@ROBISA\" \/>\n<meta name=\"twitter:label1\" content=\"Est. reading time\" \/>\n\t<meta name=\"twitter:data1\" content=\"4 minutes\" \/>\n<script type=\"application\/ld+json\" class=\"yoast-schema-graph\">{\"@context\":\"https:\\\/\\\/schema.org\",\"@graph\":[{\"@type\":\"WebPage\",\"@id\":\"https:\\\/\\\/www.robisa.es\\\/pt\\\/events\\\/taller-fotografico-en-el-parque-nacional-de-donana\\\/\",\"url\":\"https:\\\/\\\/www.robisa.es\\\/pt\\\/events\\\/taller-fotografico-en-el-parque-nacional-de-donana\\\/\",\"name\":\"TALLER FOTOGR\u00c1FICO EN EL PARQUE NACIONAL DE DO\u00d1ANA - ROBISA\",\"isPartOf\":{\"@id\":\"https:\\\/\\\/www.robisa.es\\\/pt\\\/#website\"},\"datePublished\":\"2018-11-23T14:08:20+00:00\",\"dateModified\":\"2019-01-14T12:01:13+00:00\",\"breadcrumb\":{\"@id\":\"https:\\\/\\\/www.robisa.es\\\/pt\\\/events\\\/taller-fotografico-en-el-parque-nacional-de-donana\\\/#breadcrumb\"},\"inLanguage\":\"pt\",\"potentialAction\":[{\"@type\":\"ReadAction\",\"target\":[\"https:\\\/\\\/www.robisa.es\\\/pt\\\/events\\\/taller-fotografico-en-el-parque-nacional-de-donana\\\/\"]}]},{\"@type\":\"BreadcrumbList\",\"@id\":\"https:\\\/\\\/www.robisa.es\\\/pt\\\/events\\\/taller-fotografico-en-el-parque-nacional-de-donana\\\/#breadcrumb\",\"itemListElement\":[{\"@type\":\"ListItem\",\"position\":1,\"name\":\"Portada\",\"item\":\"https:\\\/\\\/www.robisa.es\\\/pt\\\/home\\\/\"},{\"@type\":\"ListItem\",\"position\":2,\"name\":\"Events\",\"item\":\"https:\\\/\\\/www.robisa.es\\\/pt\\\/events\\\/\"},{\"@type\":\"ListItem\",\"position\":3,\"name\":\"TALLER FOTOGR\u00c1FICO EN EL PARQUE NACIONAL DE DO\u00d1ANA\"}]},{\"@type\":\"WebSite\",\"@id\":\"https:\\\/\\\/www.robisa.es\\\/pt\\\/#website\",\"url\":\"https:\\\/\\\/www.robisa.es\\\/pt\\\/\",\"name\":\"ROBISA\",\"description\":\"Los mejores productos de fotograf\u00eda para profesionales y particulares con total garant\u00eda\",\"publisher\":{\"@id\":\"https:\\\/\\\/www.robisa.es\\\/pt\\\/#organization\"},\"potentialAction\":[{\"@type\":\"SearchAction\",\"target\":{\"@type\":\"EntryPoint\",\"urlTemplate\":\"https:\\\/\\\/www.robisa.es\\\/pt\\\/?s={search_term_string}\"},\"query-input\":{\"@type\":\"PropertyValueSpecification\",\"valueRequired\":true,\"valueName\":\"search_term_string\"}}],\"inLanguage\":\"pt\"},{\"@type\":\"Organization\",\"@id\":\"https:\\\/\\\/www.robisa.es\\\/pt\\\/#organization\",\"name\":\"Robisa\",\"url\":\"https:\\\/\\\/www.robisa.es\\\/pt\\\/\",\"logo\":{\"@type\":\"ImageObject\",\"inLanguage\":\"pt\",\"@id\":\"https:\\\/\\\/www.robisa.es\\\/pt\\\/#\\\/schema\\\/logo\\\/image\\\/\",\"url\":\"https:\\\/\\\/www.robisa.es\\\/wp-content\\\/uploads\\\/2016\\\/01\\\/robisa-rgb_negro-NEW-02.png\",\"contentUrl\":\"https:\\\/\\\/www.robisa.es\\\/wp-content\\\/uploads\\\/2016\\\/01\\\/robisa-rgb_negro-NEW-02.png\",\"width\":675,\"height\":298,\"caption\":\"Robisa\"},\"image\":{\"@id\":\"https:\\\/\\\/www.robisa.es\\\/pt\\\/#\\\/schema\\\/logo\\\/image\\\/\"},\"sameAs\":[\"http:\\\/\\\/www.facebook.com\\\/pages\\\/ROBISA\\\/236622023060912\",\"https:\\\/\\\/x.com\\\/ROBISA\",\"https:\\\/\\\/www.instagram.com\\\/robisa.es\\\/\",\"https:\\\/\\\/www.linkedin.com\\\/company\\\/rodolfo-biber-s-a-robisa-\",\"http:\\\/\\\/www.youtube.com\\\/user\\\/robisavideos\"]}]}<\/script>\n<!-- \/ Yoast SEO plugin. -->","yoast_head_json":{"title":"TALLER FOTOGR\u00c1FICO EN EL PARQUE NACIONAL DE DO\u00d1ANA - ROBISA","robots":{"index":"noindex","follow":"follow"},"og_locale":"pt_PT","og_type":"article","og_title":"TALLER FOTOGR\u00c1FICO EN EL PARQUE NACIONAL DE DO\u00d1ANA - ROBISA","og_description":"Del 29 de noviembre al 2 de diciembre\u00a0 \u00a0 El Parque Nacional de Do\u00f1ana, es uno de los espacios naturales m\u00e1s espectaculares de Europa, dunas de arenas, marisma, acantilados, playas v\u00edrgenes, bosques de pinos, alcornocales, y fauna por doquier, convierten a Do\u00f1ana en un lugar ideal para la fotograf\u00eda de naturaleza. Si a todo esto [&hellip;]","og_url":"https:\/\/www.robisa.es\/pt\/events\/taller-fotografico-en-el-parque-nacional-de-donana\/","og_site_name":"ROBISA","article_publisher":"http:\/\/www.facebook.com\/pages\/ROBISA\/236622023060912","article_modified_time":"2019-01-14T12:01:13+00:00","og_image":[{"width":1024,"height":688,"url":"https:\/\/www.robisa.es\/wp-content\/uploads\/2018\/11\/2018.11_Taller-Do\u00f1ana.jpg","type":"image\/jpeg"}],"twitter_card":"summary_large_image","twitter_site":"@ROBISA","twitter_misc":{"Est. reading time":"4 minutes"},"schema":{"@context":"https:\/\/schema.org","@graph":[{"@type":"WebPage","@id":"https:\/\/www.robisa.es\/pt\/events\/taller-fotografico-en-el-parque-nacional-de-donana\/","url":"https:\/\/www.robisa.es\/pt\/events\/taller-fotografico-en-el-parque-nacional-de-donana\/","name":"TALLER FOTOGR\u00c1FICO EN EL PARQUE NACIONAL DE DO\u00d1ANA - ROBISA","isPartOf":{"@id":"https:\/\/www.robisa.es\/pt\/#website"},"datePublished":"2018-11-23T14:08:20+00:00","dateModified":"2019-01-14T12:01:13+00:00","breadcrumb":{"@id":"https:\/\/www.robisa.es\/pt\/events\/taller-fotografico-en-el-parque-nacional-de-donana\/#breadcrumb"},"inLanguage":"pt","potentialAction":[{"@type":"ReadAction","target":["https:\/\/www.robisa.es\/pt\/events\/taller-fotografico-en-el-parque-nacional-de-donana\/"]}]},{"@type":"BreadcrumbList","@id":"https:\/\/www.robisa.es\/pt\/events\/taller-fotografico-en-el-parque-nacional-de-donana\/#breadcrumb","itemListElement":[{"@type":"ListItem","position":1,"name":"Portada","item":"https:\/\/www.robisa.es\/pt\/home\/"},{"@type":"ListItem","position":2,"name":"Events","item":"https:\/\/www.robisa.es\/pt\/events\/"},{"@type":"ListItem","position":3,"name":"TALLER FOTOGR\u00c1FICO EN EL PARQUE NACIONAL DE DO\u00d1ANA"}]},{"@type":"WebSite","@id":"https:\/\/www.robisa.es\/pt\/#website","url":"https:\/\/www.robisa.es\/pt\/","name":"ROBISA","description":"Los mejores productos de fotograf\u00eda para profesionales y particulares con total garant\u00eda","publisher":{"@id":"https:\/\/www.robisa.es\/pt\/#organization"},"potentialAction":[{"@type":"SearchAction","target":{"@type":"EntryPoint","urlTemplate":"https:\/\/www.robisa.es\/pt\/?s={search_term_string}"},"query-input":{"@type":"PropertyValueSpecification","valueRequired":true,"valueName":"search_term_string"}}],"inLanguage":"pt"},{"@type":"Organization","@id":"https:\/\/www.robisa.es\/pt\/#organization","name":"Robisa","url":"https:\/\/www.robisa.es\/pt\/","logo":{"@type":"ImageObject","inLanguage":"pt","@id":"https:\/\/www.robisa.es\/pt\/#\/schema\/logo\/image\/","url":"https:\/\/www.robisa.es\/wp-content\/uploads\/2016\/01\/robisa-rgb_negro-NEW-02.png","contentUrl":"https:\/\/www.robisa.es\/wp-content\/uploads\/2016\/01\/robisa-rgb_negro-NEW-02.png","width":675,"height":298,"caption":"Robisa"},"image":{"@id":"https:\/\/www.robisa.es\/pt\/#\/schema\/logo\/image\/"},"sameAs":["http:\/\/www.facebook.com\/pages\/ROBISA\/236622023060912","https:\/\/x.com\/ROBISA","https:\/\/www.instagram.com\/robisa.es\/","https:\/\/www.linkedin.com\/company\/rodolfo-biber-s-a-robisa-","http:\/\/www.youtube.com\/user\/robisavideos"]}]}},"_links":{"self":[{"href":"https:\/\/www.robisa.es\/pt\/wp-json\/wp\/v2\/ajde_events\/20135","targetHints":{"allow":["GET"]}}],"collection":[{"href":"https:\/\/www.robisa.es\/pt\/wp-json\/wp\/v2\/ajde_events"}],"about":[{"href":"https:\/\/www.robisa.es\/pt\/wp-json\/wp\/v2\/types\/ajde_events"}],"author":[{"embeddable":true,"href":"https:\/\/www.robisa.es\/pt\/wp-json\/wp\/v2\/users\/8"}],"replies":[{"embeddable":true,"href":"https:\/\/www.robisa.es\/pt\/wp-json\/wp\/v2\/comments?post=20135"}],"wp:attachment":[{"href":"https:\/\/www.robisa.es\/pt\/wp-json\/wp\/v2\/media?parent=20135"}],"wp:term":[{"taxonomy":"post_tag","embeddable":true,"href":"https:\/\/www.robisa.es\/pt\/wp-json\/wp\/v2\/tags?post=20135"},{"taxonomy":"event_type","embeddable":true,"href":"https:\/\/www.robisa.es\/pt\/wp-json\/wp\/v2\/event_type?post=20135"},{"taxonomy":"event_type_2","embeddable":true,"href":"https:\/\/www.robisa.es\/pt\/wp-json\/wp\/v2\/event_type_2?post=20135"}],"curies":[{"name":"wp","href":"https:\/\/api.w.org\/{rel}","templated":true}]}}