{"id":26452,"date":"2019-06-18T10:31:52","date_gmt":"2019-06-18T08:31:52","guid":{"rendered":"https:\/\/www.robisa.es\/events\/taller-costa-occidental-asturiana\/"},"modified":"2019-06-18T13:13:40","modified_gmt":"2019-06-18T11:13:40","slug":"taller-costa-occidental-asturiana","status":"publish","type":"ajde_events","link":"https:\/\/www.robisa.es\/pt\/events\/taller-costa-occidental-asturiana\/","title":{"rendered":"Taller Costa Occidental Asturiana &#8211; N\u00e9stor Rodan"},"content":{"rendered":"<h3 style=\"text-align: center;\"><span style=\"font-family: georgia, palatino, serif;\">Los d\u00edas\u00a027, 28 y 29 de Septiembre de 2019,\u00a0podr\u00e1s asistir a una jornada fotogr\u00e1fica en la costa asturiana.<\/span><\/h3>\n<p>&nbsp;<\/p>\n<p><span style=\"font-family: georgia, palatino, serif;\">Hemos pensado que el formato de un solo d\u00eda sin m\u00e1s gastos que la plaza y la comida puede ser asequible a la par que interesante para un gran n\u00famero de aficionados a la fotograf\u00eda.<\/span><\/p>\n<p>&nbsp;<\/p>\n<p><span style=\"font-family: georgia, palatino, serif;\">En esta ocasi\u00f3n hemos seleccionado cuidadosamente varias localizaciones en funci\u00f3n de las mareas existentes en esa semana.<\/span><\/p>\n<p>&nbsp;<\/p>\n<p><span style=\"font-family: georgia, palatino, serif;\">Con nosotros podr\u00e1s aprender t\u00e9cnicas de composici\u00f3n, enfoque, calibrado de c\u00e1mara in-situ en funci\u00f3n de las condiciones existentes.<\/span><\/p>\n<p>&nbsp;<\/p>\n<p><span style=\"font-family: georgia, palatino, serif;\">Veremos en profundidad el uso de diferentes tipos de filtros que nos permitir\u00e1n salvar cualquier situaci\u00f3n lum\u00ednica que se nos presente.<\/span><\/p>\n<p>&nbsp;<\/p>\n<p><span style=\"font-family: georgia, palatino, serif;\">Las plazas est\u00e1n limitadas a un m\u00e1ximo de 12, siendo una ense\u00f1anza y atenci\u00f3n totalmente personalizada (6\u00a0 alumnos por profesor). Creemos que reduciendo la cantidad de participantes, maximizamos la calidad de la ense\u00f1anza.<\/span><\/p>\n<p>&nbsp;<\/p>\n<p><span style=\"font-family: georgia, palatino, serif;\">Durante la realizaci\u00f3n de la actividad,\u00a0se podr\u00e1n probar los nuevos objetivos angulares de Tamron en montura Canon y Nikon.<\/span><\/p>\n<p>&nbsp;<\/p>\n<p><span style=\"font-size: 14pt;\"><em><strong><span style=\"font-family: georgia, palatino, serif;\">Lugar de realizaci\u00f3n:<\/span><\/strong><\/em><\/span><\/p>\n<p><span style=\"font-family: georgia, palatino, serif;\">&#8211; Costa occidental asturiana ( se informar\u00e1 a los asistentes de las localizaciones y punto de partida).<\/span><\/p>\n<p>&nbsp;<\/p>\n<p><em><strong><span style=\"font-family: georgia, palatino, serif; font-size: 14pt;\">Material necesario:<\/span><\/strong><\/em><\/p>\n<p><span style=\"font-family: georgia, palatino, serif;\">&#8211; C\u00e1mara, tr\u00edpode, disparador, angular, filtros ( si se tienen).<\/span><\/p>\n<p><span style=\"font-family: georgia, palatino, serif;\">&#8211; Botas de agua o vadeador (imprescindible), chubasquero.<\/span><\/p>\n<p>&nbsp;<\/p>\n<p><em><strong><span style=\"font-family: georgia, palatino, serif; font-size: 14pt;\">No est\u00e1 incluido en el precio:<\/span><\/strong><\/em><\/p>\n<p><span style=\"font-family: georgia, palatino, serif;\">&#8211; Dieta alojamiento y transporte\u00a0 a las localizaciones.<\/span><\/p>\n<p>&nbsp;<\/p>\n<p><span style=\"font-size: 14pt;\"><em><strong><span style=\"font-family: georgia, palatino, serif;\">Precio:\u00a0<\/span><\/strong><\/em><\/span><\/p>\n<p><span style=\"font-family: georgia, palatino, serif;\"><span style=\"text-decoration: underline;\"><strong>190 euros<\/strong><\/span>\u00a0a pagar en el momento de la reserva, siendo reembolsables hasta dos\u00a0 semanas antes de la realizaci\u00f3n de la actividad. Para formalizar la reserva y mas informaci\u00f3n nestor.rodan@gmail.com \u00f3 sergioabevilla@gmail.com.<\/span><\/p>\n<p>&nbsp;<\/p>\n<p><a href=\"https:\/\/www.neorodan.com\/Taller-Costa\">https:\/\/www.neorodan.com\/Taller-Costa<\/a><\/p>\n<p>&nbsp;<\/p>\n<p><a href=\"https:\/\/www.robisa.es\/wp-content\/uploads\/2019\/06\/cartel_costa_cantabrica.jpg\"><img loading=\"lazy\" decoding=\"async\" class=\"wp-image-26453 size-full aligncenter\" src=\"https:\/\/www.robisa.es\/wp-content\/uploads\/2019\/06\/cartel_costa_cantabrica.jpg\" alt=\"\" width=\"424\" height=\"600\" srcset=\"https:\/\/www.robisa.es\/wp-content\/uploads\/2019\/06\/cartel_costa_cantabrica.jpg 424w, https:\/\/www.robisa.es\/wp-content\/uploads\/2019\/06\/cartel_costa_cantabrica-212x300.jpg 212w\" sizes=\"auto, (max-width: 424px) 100vw, 424px\" \/><\/a><\/p>\n<p>&nbsp;<\/p>\n","protected":false},"author":8,"featured_media":0,"menu_order":0,"comment_status":"open","ping_status":"closed","template":"","meta":[],"tags":[746,726,223,220,336],"event_type":[],"event_type_2":[],"class_list":["post-26452","ajde_events","type-ajde_events","status-publish","hentry","tag-asturias","tag-evento","tag-fotografia","tag-robisa","tag-taller"],"yoast_head":"<!-- This site is optimized with the Yoast SEO plugin v27.5 - https:\/\/yoast.com\/product\/yoast-seo-wordpress\/ -->\n<title>Taller Costa Occidental Asturiana - N\u00e9stor Rodan - ROBISA ROBISA<\/title>\n<meta name=\"description\" content=\"Taller impartido por N\u00e9stor Rodan. Los d\u00edas 27, 28 y 29 de Septiembre de 2019, podr\u00e1s asistir a una jornada fotogr\u00e1fica en la costa asturiana.\" \/>\n<meta name=\"robots\" content=\"noindex, follow\" \/>\n<meta property=\"og:locale\" content=\"pt_PT\" \/>\n<meta property=\"og:type\" content=\"article\" \/>\n<meta property=\"og:title\" content=\"Taller Costa Occidental Asturiana - N\u00e9stor Rodan - ROBISA ROBISA\" \/>\n<meta property=\"og:description\" content=\"Taller impartido por N\u00e9stor Rodan. Los d\u00edas 27, 28 y 29 de Septiembre de 2019, podr\u00e1s asistir a una jornada fotogr\u00e1fica en la costa asturiana.\" \/>\n<meta property=\"og:url\" content=\"https:\/\/www.robisa.es\/pt\/events\/taller-costa-occidental-asturiana\/\" \/>\n<meta property=\"og:site_name\" content=\"ROBISA\" \/>\n<meta property=\"article:publisher\" content=\"http:\/\/www.facebook.com\/pages\/ROBISA\/236622023060912\" \/>\n<meta property=\"article:modified_time\" content=\"2019-06-18T11:13:40+00:00\" \/>\n<meta property=\"og:image\" content=\"https:\/\/www.robisa.es\/wp-content\/uploads\/2019\/06\/cartel_costa_cantabrica.jpg\" \/>\n\t<meta property=\"og:image:width\" content=\"424\" \/>\n\t<meta property=\"og:image:height\" content=\"600\" \/>\n\t<meta property=\"og:image:type\" content=\"image\/jpeg\" \/>\n<meta name=\"twitter:card\" content=\"summary_large_image\" \/>\n<meta name=\"twitter:site\" content=\"@ROBISA\" \/>\n<meta name=\"twitter:label1\" content=\"Est. reading time\" \/>\n\t<meta name=\"twitter:data1\" content=\"1 minute\" \/>\n<script type=\"application\/ld+json\" class=\"yoast-schema-graph\">{\"@context\":\"https:\\\/\\\/schema.org\",\"@graph\":[{\"@type\":\"WebPage\",\"@id\":\"https:\\\/\\\/www.robisa.es\\\/pt\\\/events\\\/taller-costa-occidental-asturiana\\\/\",\"url\":\"https:\\\/\\\/www.robisa.es\\\/pt\\\/events\\\/taller-costa-occidental-asturiana\\\/\",\"name\":\"Taller Costa Occidental Asturiana - N\u00e9stor Rodan - ROBISA ROBISA\",\"isPartOf\":{\"@id\":\"https:\\\/\\\/www.robisa.es\\\/pt\\\/#website\"},\"primaryImageOfPage\":{\"@id\":\"https:\\\/\\\/www.robisa.es\\\/pt\\\/events\\\/taller-costa-occidental-asturiana\\\/#primaryimage\"},\"image\":{\"@id\":\"https:\\\/\\\/www.robisa.es\\\/pt\\\/events\\\/taller-costa-occidental-asturiana\\\/#primaryimage\"},\"thumbnailUrl\":\"https:\\\/\\\/www.robisa.es\\\/wp-content\\\/uploads\\\/2019\\\/06\\\/cartel_costa_cantabrica.jpg\",\"datePublished\":\"2019-06-18T08:31:52+00:00\",\"dateModified\":\"2019-06-18T11:13:40+00:00\",\"description\":\"Taller impartido por N\u00e9stor Rodan. Los d\u00edas 27, 28 y 29 de Septiembre de 2019, podr\u00e1s asistir a una jornada fotogr\u00e1fica en la costa asturiana.\",\"breadcrumb\":{\"@id\":\"https:\\\/\\\/www.robisa.es\\\/pt\\\/events\\\/taller-costa-occidental-asturiana\\\/#breadcrumb\"},\"inLanguage\":\"pt\",\"potentialAction\":[{\"@type\":\"ReadAction\",\"target\":[\"https:\\\/\\\/www.robisa.es\\\/pt\\\/events\\\/taller-costa-occidental-asturiana\\\/\"]}]},{\"@type\":\"ImageObject\",\"inLanguage\":\"pt\",\"@id\":\"https:\\\/\\\/www.robisa.es\\\/pt\\\/events\\\/taller-costa-occidental-asturiana\\\/#primaryimage\",\"url\":\"https:\\\/\\\/www.robisa.es\\\/wp-content\\\/uploads\\\/2019\\\/06\\\/cartel_costa_cantabrica.jpg\",\"contentUrl\":\"https:\\\/\\\/www.robisa.es\\\/wp-content\\\/uploads\\\/2019\\\/06\\\/cartel_costa_cantabrica.jpg\"},{\"@type\":\"BreadcrumbList\",\"@id\":\"https:\\\/\\\/www.robisa.es\\\/pt\\\/events\\\/taller-costa-occidental-asturiana\\\/#breadcrumb\",\"itemListElement\":[{\"@type\":\"ListItem\",\"position\":1,\"name\":\"Portada\",\"item\":\"https:\\\/\\\/www.robisa.es\\\/pt\\\/home\\\/\"},{\"@type\":\"ListItem\",\"position\":2,\"name\":\"Events\",\"item\":\"https:\\\/\\\/www.robisa.es\\\/pt\\\/events\\\/\"},{\"@type\":\"ListItem\",\"position\":3,\"name\":\"Taller Costa Occidental Asturiana &#8211; N\u00e9stor Rodan\"}]},{\"@type\":\"WebSite\",\"@id\":\"https:\\\/\\\/www.robisa.es\\\/pt\\\/#website\",\"url\":\"https:\\\/\\\/www.robisa.es\\\/pt\\\/\",\"name\":\"ROBISA\",\"description\":\"Los mejores productos de fotograf\u00eda para profesionales y particulares con total garant\u00eda\",\"publisher\":{\"@id\":\"https:\\\/\\\/www.robisa.es\\\/pt\\\/#organization\"},\"potentialAction\":[{\"@type\":\"SearchAction\",\"target\":{\"@type\":\"EntryPoint\",\"urlTemplate\":\"https:\\\/\\\/www.robisa.es\\\/pt\\\/?s={search_term_string}\"},\"query-input\":{\"@type\":\"PropertyValueSpecification\",\"valueRequired\":true,\"valueName\":\"search_term_string\"}}],\"inLanguage\":\"pt\"},{\"@type\":\"Organization\",\"@id\":\"https:\\\/\\\/www.robisa.es\\\/pt\\\/#organization\",\"name\":\"Robisa\",\"url\":\"https:\\\/\\\/www.robisa.es\\\/pt\\\/\",\"logo\":{\"@type\":\"ImageObject\",\"inLanguage\":\"pt\",\"@id\":\"https:\\\/\\\/www.robisa.es\\\/pt\\\/#\\\/schema\\\/logo\\\/image\\\/\",\"url\":\"https:\\\/\\\/www.robisa.es\\\/wp-content\\\/uploads\\\/2016\\\/01\\\/robisa-rgb_negro-NEW-02.png\",\"contentUrl\":\"https:\\\/\\\/www.robisa.es\\\/wp-content\\\/uploads\\\/2016\\\/01\\\/robisa-rgb_negro-NEW-02.png\",\"width\":675,\"height\":298,\"caption\":\"Robisa\"},\"image\":{\"@id\":\"https:\\\/\\\/www.robisa.es\\\/pt\\\/#\\\/schema\\\/logo\\\/image\\\/\"},\"sameAs\":[\"http:\\\/\\\/www.facebook.com\\\/pages\\\/ROBISA\\\/236622023060912\",\"https:\\\/\\\/x.com\\\/ROBISA\",\"https:\\\/\\\/www.instagram.com\\\/robisa.es\\\/\",\"https:\\\/\\\/www.linkedin.com\\\/company\\\/rodolfo-biber-s-a-robisa-\",\"http:\\\/\\\/www.youtube.com\\\/user\\\/robisavideos\"]}]}<\/script>\n<!-- \/ Yoast SEO plugin. -->","yoast_head_json":{"title":"Taller Costa Occidental Asturiana - N\u00e9stor Rodan - ROBISA ROBISA","description":"Taller impartido por N\u00e9stor Rodan. Los d\u00edas 27, 28 y 29 de Septiembre de 2019, podr\u00e1s asistir a una jornada fotogr\u00e1fica en la costa asturiana.","robots":{"index":"noindex","follow":"follow"},"og_locale":"pt_PT","og_type":"article","og_title":"Taller Costa Occidental Asturiana - N\u00e9stor Rodan - ROBISA ROBISA","og_description":"Taller impartido por N\u00e9stor Rodan. Los d\u00edas 27, 28 y 29 de Septiembre de 2019, podr\u00e1s asistir a una jornada fotogr\u00e1fica en la costa asturiana.","og_url":"https:\/\/www.robisa.es\/pt\/events\/taller-costa-occidental-asturiana\/","og_site_name":"ROBISA","article_publisher":"http:\/\/www.facebook.com\/pages\/ROBISA\/236622023060912","article_modified_time":"2019-06-18T11:13:40+00:00","og_image":[{"width":424,"height":600,"url":"https:\/\/www.robisa.es\/wp-content\/uploads\/2019\/06\/cartel_costa_cantabrica.jpg","type":"image\/jpeg"}],"twitter_card":"summary_large_image","twitter_site":"@ROBISA","twitter_misc":{"Est. reading time":"1 minute"},"schema":{"@context":"https:\/\/schema.org","@graph":[{"@type":"WebPage","@id":"https:\/\/www.robisa.es\/pt\/events\/taller-costa-occidental-asturiana\/","url":"https:\/\/www.robisa.es\/pt\/events\/taller-costa-occidental-asturiana\/","name":"Taller Costa Occidental Asturiana - N\u00e9stor Rodan - ROBISA ROBISA","isPartOf":{"@id":"https:\/\/www.robisa.es\/pt\/#website"},"primaryImageOfPage":{"@id":"https:\/\/www.robisa.es\/pt\/events\/taller-costa-occidental-asturiana\/#primaryimage"},"image":{"@id":"https:\/\/www.robisa.es\/pt\/events\/taller-costa-occidental-asturiana\/#primaryimage"},"thumbnailUrl":"https:\/\/www.robisa.es\/wp-content\/uploads\/2019\/06\/cartel_costa_cantabrica.jpg","datePublished":"2019-06-18T08:31:52+00:00","dateModified":"2019-06-18T11:13:40+00:00","description":"Taller impartido por N\u00e9stor Rodan. Los d\u00edas 27, 28 y 29 de Septiembre de 2019, podr\u00e1s asistir a una jornada fotogr\u00e1fica en la costa asturiana.","breadcrumb":{"@id":"https:\/\/www.robisa.es\/pt\/events\/taller-costa-occidental-asturiana\/#breadcrumb"},"inLanguage":"pt","potentialAction":[{"@type":"ReadAction","target":["https:\/\/www.robisa.es\/pt\/events\/taller-costa-occidental-asturiana\/"]}]},{"@type":"ImageObject","inLanguage":"pt","@id":"https:\/\/www.robisa.es\/pt\/events\/taller-costa-occidental-asturiana\/#primaryimage","url":"https:\/\/www.robisa.es\/wp-content\/uploads\/2019\/06\/cartel_costa_cantabrica.jpg","contentUrl":"https:\/\/www.robisa.es\/wp-content\/uploads\/2019\/06\/cartel_costa_cantabrica.jpg"},{"@type":"BreadcrumbList","@id":"https:\/\/www.robisa.es\/pt\/events\/taller-costa-occidental-asturiana\/#breadcrumb","itemListElement":[{"@type":"ListItem","position":1,"name":"Portada","item":"https:\/\/www.robisa.es\/pt\/home\/"},{"@type":"ListItem","position":2,"name":"Events","item":"https:\/\/www.robisa.es\/pt\/events\/"},{"@type":"ListItem","position":3,"name":"Taller Costa Occidental Asturiana &#8211; N\u00e9stor Rodan"}]},{"@type":"WebSite","@id":"https:\/\/www.robisa.es\/pt\/#website","url":"https:\/\/www.robisa.es\/pt\/","name":"ROBISA","description":"Los mejores productos de fotograf\u00eda para profesionales y particulares con total garant\u00eda","publisher":{"@id":"https:\/\/www.robisa.es\/pt\/#organization"},"potentialAction":[{"@type":"SearchAction","target":{"@type":"EntryPoint","urlTemplate":"https:\/\/www.robisa.es\/pt\/?s={search_term_string}"},"query-input":{"@type":"PropertyValueSpecification","valueRequired":true,"valueName":"search_term_string"}}],"inLanguage":"pt"},{"@type":"Organization","@id":"https:\/\/www.robisa.es\/pt\/#organization","name":"Robisa","url":"https:\/\/www.robisa.es\/pt\/","logo":{"@type":"ImageObject","inLanguage":"pt","@id":"https:\/\/www.robisa.es\/pt\/#\/schema\/logo\/image\/","url":"https:\/\/www.robisa.es\/wp-content\/uploads\/2016\/01\/robisa-rgb_negro-NEW-02.png","contentUrl":"https:\/\/www.robisa.es\/wp-content\/uploads\/2016\/01\/robisa-rgb_negro-NEW-02.png","width":675,"height":298,"caption":"Robisa"},"image":{"@id":"https:\/\/www.robisa.es\/pt\/#\/schema\/logo\/image\/"},"sameAs":["http:\/\/www.facebook.com\/pages\/ROBISA\/236622023060912","https:\/\/x.com\/ROBISA","https:\/\/www.instagram.com\/robisa.es\/","https:\/\/www.linkedin.com\/company\/rodolfo-biber-s-a-robisa-","http:\/\/www.youtube.com\/user\/robisavideos"]}]}},"_links":{"self":[{"href":"https:\/\/www.robisa.es\/pt\/wp-json\/wp\/v2\/ajde_events\/26452","targetHints":{"allow":["GET"]}}],"collection":[{"href":"https:\/\/www.robisa.es\/pt\/wp-json\/wp\/v2\/ajde_events"}],"about":[{"href":"https:\/\/www.robisa.es\/pt\/wp-json\/wp\/v2\/types\/ajde_events"}],"author":[{"embeddable":true,"href":"https:\/\/www.robisa.es\/pt\/wp-json\/wp\/v2\/users\/8"}],"replies":[{"embeddable":true,"href":"https:\/\/www.robisa.es\/pt\/wp-json\/wp\/v2\/comments?post=26452"}],"wp:attachment":[{"href":"https:\/\/www.robisa.es\/pt\/wp-json\/wp\/v2\/media?parent=26452"}],"wp:term":[{"taxonomy":"post_tag","embeddable":true,"href":"https:\/\/www.robisa.es\/pt\/wp-json\/wp\/v2\/tags?post=26452"},{"taxonomy":"event_type","embeddable":true,"href":"https:\/\/www.robisa.es\/pt\/wp-json\/wp\/v2\/event_type?post=26452"},{"taxonomy":"event_type_2","embeddable":true,"href":"https:\/\/www.robisa.es\/pt\/wp-json\/wp\/v2\/event_type_2?post=26452"}],"curies":[{"name":"wp","href":"https:\/\/api.w.org\/{rel}","templated":true}]}}